{"id":2742,"date":"2020-01-26T18:09:33","date_gmt":"2020-01-26T17:09:33","guid":{"rendered":"https:\/\/www.valf.fr\/wp-content\/uploads\/2020\/01\/2019_03-salon-habitat-dedicades.png"},"modified":"2020-01-26T18:10:56","modified_gmt":"2020-01-26T17:10:56","slug":"2019_03-salon-habitat-dedicades-2","status":"inherit","type":"attachment","link":"http:\/\/www.valf.fr\/en\/2019_03-salon-habitat-dedicades-2\/","title":{"rendered":"2019_03 salon habitat dedicades"},"author":2,"featured_media":0,"comment_status":"closed","ping_status":"closed","template":"","meta":[],"class_list":["post-2742","attachment","type-attachment","status-inherit","hentry"],"yoast_head":"<!-- This site is optimized with the Yoast SEO plugin v27.2 - https:\/\/yoast.com\/product\/yoast-seo-wordpress\/ -->\n<title>2019_03 salon habitat dedicades - Val\u00e9rie Francisque<\/title>\n<meta name=\"robots\" content=\"index, follow, max-snippet:-1, max-image-preview:large, max-video-preview:-1\" \/>\n<link rel=\"canonical\" href=\"https:\/\/www.valf.fr\/en\/wp-content\/uploads\/2020\/01\/2019_03-salon-habitat-dedicades.png\" \/>\n<meta property=\"og:locale\" content=\"en_US\" \/>\n<meta property=\"og:type\" content=\"article\" \/>\n<meta property=\"og:title\" content=\"2019_03 salon habitat dedicades - Val\u00e9rie Francisque\" \/>\n<meta property=\"og:description\" content=\"D\u00e9dicace de Karine MARTIN et Ga\u00eblle CUISY d&#039;un tableau d&#039;ext\u00e9rieur de VALF\" \/>\n<meta property=\"og:url\" content=\"https:\/\/www.valf.fr\/wp-content\/uploads\/2020\/01\/2019_03-salon-habitat-dedicades.png\" \/>\n<meta property=\"og:site_name\" content=\"Val\u00e9rie Francisque\" \/>\n<meta property=\"article:modified_time\" content=\"2020-01-26T17:10:56+00:00\" \/>\n<meta property=\"og:image\" content=\"https:\/\/www.valf.fr\/wp-content\/uploads\/2020\/01\/2019_03-salon-habitat-dedicades.png\" \/>\n\t<meta property=\"og:image:width\" content=\"799\" \/>\n\t<meta property=\"og:image:height\" content=\"837\" \/>\n\t<meta property=\"og:image:type\" content=\"image\/png\" \/>\n<meta name=\"twitter:card\" content=\"summary_large_image\" \/>\n<script type=\"application\/ld+json\" class=\"yoast-schema-graph\">{\"@context\":\"https:\/\/schema.org\",\"@graph\":[{\"@type\":\"WebPage\",\"@id\":\"https:\/\/www.valf.fr\/wp-content\/uploads\/2020\/01\/2019_03-salon-habitat-dedicades.png\",\"url\":\"https:\/\/www.valf.fr\/wp-content\/uploads\/2020\/01\/2019_03-salon-habitat-dedicades.png\",\"name\":\"2019_03 salon habitat dedicades - Val\u00e9rie Francisque\",\"isPartOf\":{\"@id\":\"https:\/\/www.valf.fr\/en\/#website\"},\"datePublished\":\"2020-01-26T17:09:33+00:00\",\"dateModified\":\"2020-01-26T17:10:56+00:00\",\"breadcrumb\":{\"@id\":\"https:\/\/www.valf.fr\/wp-content\/uploads\/2020\/01\/2019_03-salon-habitat-dedicades.png#breadcrumb\"},\"inLanguage\":\"en-US\",\"potentialAction\":[{\"@type\":\"ReadAction\",\"target\":[\"https:\/\/www.valf.fr\/wp-content\/uploads\/2020\/01\/2019_03-salon-habitat-dedicades.png\"]}]},{\"@type\":\"BreadcrumbList\",\"@id\":\"https:\/\/www.valf.fr\/wp-content\/uploads\/2020\/01\/2019_03-salon-habitat-dedicades.png#breadcrumb\",\"itemListElement\":[{\"@type\":\"ListItem\",\"position\":1,\"name\":\"Accueil\",\"item\":\"https:\/\/www.valf.fr\/en\/\"},{\"@type\":\"ListItem\",\"position\":2,\"name\":\"2019_03 salon habitat dedicades\"}]},{\"@type\":\"WebSite\",\"@id\":\"https:\/\/www.valf.fr\/en\/#website\",\"url\":\"https:\/\/www.valf.fr\/en\/\",\"name\":\"Val\u00e9rie Francisque\",\"description\":\"Artiste Plasticienne \/ Artist - France\",\"potentialAction\":[{\"@type\":\"SearchAction\",\"target\":{\"@type\":\"EntryPoint\",\"urlTemplate\":\"https:\/\/www.valf.fr\/en\/?s={search_term_string}\"},\"query-input\":{\"@type\":\"PropertyValueSpecification\",\"valueRequired\":true,\"valueName\":\"search_term_string\"}}],\"inLanguage\":\"en-US\"}]}<\/script>\n<!-- \/ Yoast SEO plugin. -->","yoast_head_json":{"title":"2019_03 salon habitat dedicades - Val\u00e9rie Francisque","robots":{"index":"index","follow":"follow","max-snippet":"max-snippet:-1","max-image-preview":"max-image-preview:large","max-video-preview":"max-video-preview:-1"},"canonical":"https:\/\/www.valf.fr\/en\/wp-content\/uploads\/2020\/01\/2019_03-salon-habitat-dedicades.png","og_locale":"en_US","og_type":"article","og_title":"2019_03 salon habitat dedicades - Val\u00e9rie Francisque","og_description":"D\u00e9dicace de Karine MARTIN et Ga\u00eblle CUISY d'un tableau d'ext\u00e9rieur de VALF","og_url":"https:\/\/www.valf.fr\/wp-content\/uploads\/2020\/01\/2019_03-salon-habitat-dedicades.png","og_site_name":"Val\u00e9rie Francisque","article_modified_time":"2020-01-26T17:10:56+00:00","og_image":[{"width":799,"height":837,"url":"https:\/\/www.valf.fr\/wp-content\/uploads\/2020\/01\/2019_03-salon-habitat-dedicades.png","type":"image\/png"}],"twitter_card":"summary_large_image","schema":{"@context":"https:\/\/schema.org","@graph":[{"@type":"WebPage","@id":"https:\/\/www.valf.fr\/wp-content\/uploads\/2020\/01\/2019_03-salon-habitat-dedicades.png","url":"https:\/\/www.valf.fr\/wp-content\/uploads\/2020\/01\/2019_03-salon-habitat-dedicades.png","name":"2019_03 salon habitat dedicades - Val\u00e9rie Francisque","isPartOf":{"@id":"https:\/\/www.valf.fr\/en\/#website"},"datePublished":"2020-01-26T17:09:33+00:00","dateModified":"2020-01-26T17:10:56+00:00","breadcrumb":{"@id":"https:\/\/www.valf.fr\/wp-content\/uploads\/2020\/01\/2019_03-salon-habitat-dedicades.png#breadcrumb"},"inLanguage":"en-US","potentialAction":[{"@type":"ReadAction","target":["https:\/\/www.valf.fr\/wp-content\/uploads\/2020\/01\/2019_03-salon-habitat-dedicades.png"]}]},{"@type":"BreadcrumbList","@id":"https:\/\/www.valf.fr\/wp-content\/uploads\/2020\/01\/2019_03-salon-habitat-dedicades.png#breadcrumb","itemListElement":[{"@type":"ListItem","position":1,"name":"Accueil","item":"https:\/\/www.valf.fr\/en\/"},{"@type":"ListItem","position":2,"name":"2019_03 salon habitat dedicades"}]},{"@type":"WebSite","@id":"https:\/\/www.valf.fr\/en\/#website","url":"https:\/\/www.valf.fr\/en\/","name":"Val\u00e9rie Francisque","description":"Artiste Plasticienne \/ Artist - France","potentialAction":[{"@type":"SearchAction","target":{"@type":"EntryPoint","urlTemplate":"https:\/\/www.valf.fr\/en\/?s={search_term_string}"},"query-input":{"@type":"PropertyValueSpecification","valueRequired":true,"valueName":"search_term_string"}}],"inLanguage":"en-US"}]}},"description":{"rendered":"<p class=\"attachment\"><a href='http:\/\/www.valf.fr\/wp-content\/uploads\/2020\/01\/2019_03-salon-habitat-dedicades.png'><img loading=\"lazy\" decoding=\"async\" width=\"334\" height=\"350\" src=\"http:\/\/www.valf.fr\/wp-content\/uploads\/2020\/01\/2019_03-salon-habitat-dedicades-334x350.png\" class=\"attachment-medium size-medium\" alt=\"\" srcset=\"http:\/\/www.valf.fr\/wp-content\/uploads\/2020\/01\/2019_03-salon-habitat-dedicades-334x350.png 334w, http:\/\/www.valf.fr\/wp-content\/uploads\/2020\/01\/2019_03-salon-habitat-dedicades-764x800.png 764w, http:\/\/www.valf.fr\/wp-content\/uploads\/2020\/01\/2019_03-salon-habitat-dedicades-768x805.png 768w, http:\/\/www.valf.fr\/wp-content\/uploads\/2020\/01\/2019_03-salon-habitat-dedicades.png 799w\" sizes=\"auto, (max-width: 334px) 100vw, 334px\" \/><\/a><\/p>\n<p>Val\u00e9rie Francisque, dite VALF, tableaux d&#8217;int\u00e9rieur et d&#8217;ext\u00e9rieur<\/p>\n"},"caption":{"rendered":"<p>D\u00e9dicace de Karine MARTIN et Ga\u00eblle CUISY d&#8217;un tableau d&#8217;ext\u00e9rieur de VALF<\/p>\n"},"alt_text":"","media_type":"image","mime_type":"image\/png","media_details":{"width":799,"height":837,"file":"2020\/01\/2019_03-salon-habitat-dedicades.png","sizes":{"medium":{"file":"2019_03-salon-habitat-dedicades-334x350.png","width":334,"height":350,"mime_type":"image\/png","source_url":"http:\/\/www.valf.fr\/wp-content\/uploads\/2020\/01\/2019_03-salon-habitat-dedicades-334x350.png"},"large":{"file":"2019_03-salon-habitat-dedicades-764x800.png","width":764,"height":800,"mime_type":"image\/png","source_url":"http:\/\/www.valf.fr\/wp-content\/uploads\/2020\/01\/2019_03-salon-habitat-dedicades-764x800.png"},"thumbnail":{"file":"2019_03-salon-habitat-dedicades-150x150.png","width":150,"height":150,"mime_type":"image\/png","source_url":"http:\/\/www.valf.fr\/wp-content\/uploads\/2020\/01\/2019_03-salon-habitat-dedicades-150x150.png"},"medium_large":{"file":"2019_03-salon-habitat-dedicades-768x805.png","width":768,"height":805,"mime_type":"image\/png","source_url":"http:\/\/www.valf.fr\/wp-content\/uploads\/2020\/01\/2019_03-salon-habitat-dedicades-768x805.png"},"blog-large":{"file":"2019_03-salon-habitat-dedicades-642x300.png","width":642,"height":300,"mime_type":"image\/png","source_url":"http:\/\/www.valf.fr\/wp-content\/uploads\/2020\/01\/2019_03-salon-habitat-dedicades-642x300.png"},"blog-medium":{"file":"2019_03-salon-habitat-dedicades-306x205.png","width":306,"height":205,"mime_type":"image\/png","source_url":"http:\/\/www.valf.fr\/wp-content\/uploads\/2020\/01\/2019_03-salon-habitat-dedicades-306x205.png"},"recent-thumb":{"file":"2019_03-salon-habitat-dedicades-350x316.png","width":350,"height":316,"mime_type":"image\/png","source_url":"http:\/\/www.valf.fr\/wp-content\/uploads\/2020\/01\/2019_03-salon-habitat-dedicades-350x316.png"},"full":{"file":"2019_03-salon-habitat-dedicades.png","width":799,"height":837,"mime_type":"image\/png","source_url":"http:\/\/www.valf.fr\/wp-content\/uploads\/2020\/01\/2019_03-salon-habitat-dedicades.png"}},"image_meta":{"aperture":"0","credit":"","camera":"","caption":"","created_timestamp":"0","copyright":"","focal_length":"0","iso":"0","shutter_speed":"0","title":"","orientation":"0","keywords":[]}},"post":null,"source_url":"http:\/\/www.valf.fr\/wp-content\/uploads\/2020\/01\/2019_03-salon-habitat-dedicades.png","_links":{"self":[{"href":"http:\/\/www.valf.fr\/en\/wp-json\/wp\/v2\/media\/2742\/"}],"collection":[{"href":"http:\/\/www.valf.fr\/en\/wp-json\/wp\/v2\/media\/"}],"about":[{"href":"http:\/\/www.valf.fr\/en\/wp-json\/wp\/v2\/types\/attachment\/"}],"author":[{"embeddable":true,"href":"http:\/\/www.valf.fr\/en\/wp-json\/wp\/v2\/users\/2\/"}],"replies":[{"embeddable":true,"href":"http:\/\/www.valf.fr\/en\/wp-json\/wp\/v2\/comments\/?post=2742"}]}}